{"id":1410,"date":"2022-01-01T20:42:26","date_gmt":"2022-01-01T19:42:26","guid":{"rendered":"https:\/\/baerenzwinger.berlin\/en\/?page_id=1410"},"modified":"2022-01-01T20:42:27","modified_gmt":"2022-01-01T19:42:27","slug":"symposium","status":"publish","type":"page","link":"https:\/\/baerenzwinger.berlin\/en\/exhibitions\/symposium\/","title":{"rendered":"Symposium"},"content":{"rendered":"\n<div class=\"wp-block-columns has-2-columns is-layout-flex wp-container-core-columns-is-layout-8f761849 wp-block-columns-is-layout-flex\">\n<div class=\"wp-block-column is-layout-flow wp-block-column-is-layout-flow\">\n<div class=\"wp-block-columns has-2-columns is-layout-flex wp-container-core-columns-is-layout-8f761849 wp-block-columns-is-layout-flex\">\n<div class=\"wp-block-column is-layout-flow wp-block-column-is-layout-flow\">\n<p class=\"wp-block-paragraph\"><\/p>\n<\/div>\n\n\n\n<div class=\"wp-block-column is-layout-flow wp-block-column-is-layout-flow\">\n<p class=\"wp-block-paragraph\">Symposium B\u00e4renzwinger Berlin<br>10\/26\/18 &#8211; 10\/27\/18<\/p>\n<\/div>\n<\/div>\n\n\n\n<div class=\"wp-block-columns has-2-columns is-layout-flex wp-container-core-columns-is-layout-8f761849 wp-block-columns-is-layout-flex\">\n<div class=\"wp-block-column is-layout-flow wp-block-column-is-layout-flow\">\n<p class=\"wp-block-paragraph\"><\/p>\n<\/div>\n\n\n\n<div class=\"wp-block-column is-layout-flow wp-block-column-is-layout-flow\">\n<figure class=\"wp-block-image\"><img decoding=\"async\" src=\"https:\/\/baerenzwinger.berlin\/wp-content\/uploads\/2020\/05\/Ba\u0308renzwinger_Foto-Tobias-Willmann_web-684x1024.jpg\" alt=\"\" class=\"wp-image-855\"\/><figcaption>Tobias Willmann [Fotografie]<\/figcaption><\/figure>\n<\/div>\n<\/div>\n<\/div>\n\n\n\n<div class=\"wp-block-column is-layout-flow wp-block-column-is-layout-flow\">\n<div class=\"wp-block-columns has-2-columns is-layout-flex wp-container-core-columns-is-layout-8f761849 wp-block-columns-is-layout-flex\">\n<div class=\"wp-block-column is-layout-flow wp-block-column-is-layout-flow\">\n<p class=\"wp-block-paragraph\">Opening<br>10\/26\/2018, 10am<br><br>Organized by the artistic directors of the B\u00e4renzwinger<\/p>\n<\/div>\n\n\n\n<div class=\"wp-block-column is-layout-flow wp-block-column-is-layout-flow\">\n<p class=\"wp-block-paragraph\">Programme<br><\/p>\n\n\n\n<p class=\"wp-block-paragraph\">Friday,10\/26\/2018, 10am \u2013 5pm<br>Hoffmann-Saal, M\u00e4rkisches Museum, K\u00f6llnischer Park <br>&nbsp;<br>With a sundowner at B\u00e4renzwinger, K\u00f6llnischer Park<br><br>Saturday, 10\/27\/2018, 10am \u2013 5pm<br>Hoffmann-Saal, M\u00e4rkisches Museum, K\u00f6llnischer Park<\/p>\n<\/div>\n<\/div>\n<\/div>\n<\/div>\n\n\n\n<div class=\"wp-block-columns has-2-columns is-layout-flex wp-container-core-columns-is-layout-8f761849 wp-block-columns-is-layout-flex\">\n<div class=\"wp-block-column is-layout-flow wp-block-column-is-layout-flow\">\n<div class=\"wp-block-columns has-2-columns is-layout-flex wp-container-core-columns-is-layout-8f761849 wp-block-columns-is-layout-flex\">\n<div class=\"wp-block-column is-layout-flow wp-block-column-is-layout-flow\">\n<p class=\"wp-block-paragraph\"><\/p>\n<\/div>\n\n\n\n<div class=\"wp-block-column is-layout-flow wp-block-column-is-layout-flow\">\n<p class=\"wp-block-paragraph\">On the 26th and the 27th of October, the curators of the Berlin B\u00e4renzwinger are hosting a conference, bringing together various artistic, academic and political perspectives. The aim is to critically discuss and assess the past, present and future of this historically and culturally significant building.<\/p>\n<\/div>\n<\/div>\n<\/div>\n\n\n\n<div class=\"wp-block-column is-layout-flow wp-block-column-is-layout-flow\">\n<div class=\"wp-block-columns has-2-columns is-layout-flex wp-container-core-columns-is-layout-8f761849 wp-block-columns-is-layout-flex\">\n<div class=\"wp-block-column is-layout-flow wp-block-column-is-layout-flow\">\n<p class=\"wp-block-paragraph\">Two years after the death of its last inhabitant, the B\u00e4renzwinger has been transformed into a temporary exhibition venue for contemporary art, and as such has enjoyed ever growing attention. The curatorial concept centers on inviting artists to respond to the building\u2019s rich architectural and discursive history.<\/p>\n<\/div>\n\n\n\n<div class=\"wp-block-column is-layout-flow wp-block-column-is-layout-flow\">\n<p class=\"wp-block-paragraph\">During the first day (26.10.), the focus is on the current exhibition program with its three parts \u201cTraces of the Animal(istic)\u201d, \u201cArchitectures of Segregation\u201d and \u201cProjections of Indistinguishability\u201d. On the second day (27.10.) we aim to open the discussion to more general questions concerning the conditions, possibilities and challenges that define temporary cultural uses.<br><br>The Symposium will be held in German language.<br><\/p>\n<\/div>\n<\/div>\n<\/div>\n<\/div>\n\n\n\n<div class=\"wp-block-columns has-2-columns is-layout-flex wp-container-core-columns-is-layout-8f761849 wp-block-columns-is-layout-flex\">\n<div class=\"wp-block-column is-layout-flow wp-block-column-is-layout-flow\">\n<div class=\"wp-block-columns is-layout-flex wp-container-core-columns-is-layout-8f761849 wp-block-columns-is-layout-flex\">\n<div class=\"wp-block-column is-layout-flow wp-block-column-is-layout-flow\">\n\n\n<div class=\"wp-block-columns is-layout-flex wp-container-core-columns-is-layout-8f761849 wp-block-columns-is-layout-flex\">\n<div class=\"wp-block-column is-layout-flow wp-block-column-is-layout-flow\"><\/div>\n\n\n\n<div class=\"wp-block-column is-layout-flow wp-block-column-is-layout-flow\"><\/div>\n\n\n\n<div class=\"wp-block-column is-layout-flow wp-block-column-is-layout-flow\"><\/div>\n<\/div>\n<\/div>\n<\/div>\n<\/div>\n<\/div>\n\n\n\n<p class=\"wp-block-paragraph\"><\/p>\n","protected":false},"excerpt":{"rendered":"<p>Symposium B\u00e4renzwinger Berlin10\/26\/18 &#8211; 10\/27\/18 Opening10\/26\/2018, 10am Organized by the artistic directors of the B\u00e4renzwinger Programme Friday,10\/26\/2018, 10am \u2013 5pmHoffmann-Saal, M\u00e4rkisches Museum, K\u00f6llnischer Park &nbsp;With a sundowner at B\u00e4renzwinger, K\u00f6llnischer Park Saturday, 10\/27\/2018, 10am \u2013 5pmHoffmann-Saal, M\u00e4rkisches Museum, K\u00f6llnischer Park On the 26th and the 27th of October, the curators of the Berlin B\u00e4renzwinger are [&hellip;]<\/p>\n","protected":false},"author":2,"featured_media":0,"parent":10,"menu_order":108,"comment_status":"closed","ping_status":"closed","template":"","meta":{"_acf_changed":false,"footnotes":""},"categories":[7],"class_list":["post-1410","page","type-page","status-publish","hentry","category-projections-of-indistinguishability"],"acf":[],"_links":{"self":[{"href":"https:\/\/baerenzwinger.berlin\/en\/wp-json\/wp\/v2\/pages\/1410","targetHints":{"allow":["GET"]}}],"collection":[{"href":"https:\/\/baerenzwinger.berlin\/en\/wp-json\/wp\/v2\/pages"}],"about":[{"href":"https:\/\/baerenzwinger.berlin\/en\/wp-json\/wp\/v2\/types\/page"}],"author":[{"embeddable":true,"href":"https:\/\/baerenzwinger.berlin\/en\/wp-json\/wp\/v2\/users\/2"}],"replies":[{"embeddable":true,"href":"https:\/\/baerenzwinger.berlin\/en\/wp-json\/wp\/v2\/comments?post=1410"}],"version-history":[{"count":3,"href":"https:\/\/baerenzwinger.berlin\/en\/wp-json\/wp\/v2\/pages\/1410\/revisions"}],"predecessor-version":[{"id":1414,"href":"https:\/\/baerenzwinger.berlin\/en\/wp-json\/wp\/v2\/pages\/1410\/revisions\/1414"}],"up":[{"embeddable":true,"href":"https:\/\/baerenzwinger.berlin\/en\/wp-json\/wp\/v2\/pages\/10"}],"wp:attachment":[{"href":"https:\/\/baerenzwinger.berlin\/en\/wp-json\/wp\/v2\/media?parent=1410"}],"wp:term":[{"taxonomy":"category","embeddable":true,"href":"https:\/\/baerenzwinger.berlin\/en\/wp-json\/wp\/v2\/categories?post=1410"}],"curies":[{"name":"wp","href":"https:\/\/api.w.org\/{rel}","templated":true}]}}