{"id":123,"date":"2019-07-20T20:58:25","date_gmt":"2019-07-20T18:58:25","guid":{"rendered":"https:\/\/baerenzwinger.berlin\/en\/?page_id=123"},"modified":"2022-12-06T09:38:45","modified_gmt":"2022-12-06T08:38:45","slug":"fictional-nature","status":"publish","type":"page","link":"https:\/\/baerenzwinger.berlin\/en\/program\/fictional-nature\/","title":{"rendered":"FICTIONAL NATURE"},"content":{"rendered":"<div class=\"wp-bootstrap-blocks-row row\">\n\t\n\n<div class=\"col-12 col-md-6 col-lg-3\">\n\t\t\t\t<\/div>\n\n\n\n<div class=\"col-12 col-md-6 col-lg-3\">\n\t\t\t\n\n<p>Maximilian Arnold &amp; \u00d8rjan Einars\u00f8nn D\u00f8sen<br>Isabella F\u00fcrnk\u00e4s<br>Fabian Knecht<br>Keto Logua<\/p>\n\n\n\n<figure class=\"wp-block-image\"><img decoding=\"async\" src=\"https:\/\/baerenzwinger.berlin\/wp-content\/uploads\/2020\/03\/fictional_nature-8907-1024x683.jpg\" alt=\"\" class=\"wp-image-492\"\/><figcaption>[Foto] Fernando Guti\u00e9rrez Ju\u00e1rez<\/figcaption><\/figure>\n\n\t<\/div>\n\n\n\n<div class=\"col-12 col-md-6 col-lg-3\">\n\t\t\t\n\n<p>Opening<br>05\/16\/2019, 7pm<br><br>Welcome<br>Dr. Ute M\u00fcller-Tischler<br>Head of Department Art and Culture, Bezirksamt Mitte von Berlin<\/p>\n\n\n\n<p><br>About the exhibition<br>Evelyn Gregel and Jan Tappe<\/p>\n\n\t<\/div>\n\n\n\n<div class=\"col-12 col-md-6 col-lg-3\">\n\t\t\t\n\n<p>Exhibition<br>05\/17\/19 \u2013 07\/28\/19<br><br>06\/05\/2019, 7pm<br><a href=\"#sound\" data-type=\"internal\" data-id=\"#sound\">SoundPerformance by<br>V\u00edctor Maz\u00f3n Gardoqui<\/a><\/p>\n\n\n\n<p><br>06\/29+30\/2019, 3 \u2013 5pm<br>Indoor and Outdoor<br><a href=\"#workshop\" data-type=\"internal\" data-id=\"#workshop\">Survival Workshop<br>with Heath Bunting<\/a><\/p>\n\n\n\n<p>07\/10\/2019, 7pm<br><a href=\"#theorie\" data-type=\"internal\" data-id=\"#theorie\">TheorieMittwoch<br>with Klara Hobza, Georg Dickmann, Leif Randt and Stephan Porombka<\/a><\/p>\n\n\n\n<p>07\/16\u201318\/2019, 10am \u2013 1pm<br><a href=\"#topo\" data-type=\"internal\" data-id=\"#topo\">TopoFiction<br>Summer Workshop for Schoolchildren with Heather Purcell and Tuna Arkun<\/a><\/p>\n\n\t<\/div>\n\n<\/div>\n\n\n<div class=\"wp-bootstrap-blocks-row row\">\n\t\n\n<div class=\"col-12 col-md-6 col-lg-3\">\n\t\t\t\t<\/div>\n\n\n\n<div class=\"col-12 col-md-6 col-lg-3\">\n\t\t\t\n\n<p>What is nature? How is it perceived and understood? Which actions result from a particular perspective on nature, and how could they differ?<\/p>\n\n\t<\/div>\n\n\n\n<div class=\"col-12 col-md-6 col-lg-3\">\n\t\t\t\n\n<p>While the philosophy of idealism postulated \u00bbwild\u00ab nature as the binary opposite of (human) culture, Alexander von Humboldt developed a holistic understanding of nature during his research travels in the 19th century. He conceived of the earth as a complex organism whose countless elements are all interlinked &#8211; and conceived of humans as part of these elements.<\/p>\n\n\t<\/div>\n\n\n\n<div class=\"col-12 col-md-6 col-lg-3\">\n\t\t\t\n\n<p>At that time, European societies had long since begun harnessing their environment through massive interventions: an ongoing process that has put the planet\u2019s ecological balance in a state of permanent crisis and at the same time opens up various future narratives.<br><br>As part of the program \u00bbFictional Odyssey\u00ab at B\u00e4renzwinger, the exhibition \u00bbFictional Nature\u00ab shows four artistic positions that reflect on human conceptions of nature and the related narratives.<br><br>Exhibition &amp; events curated by<br>Evelyn Gregel, Jan Tappe<br>Tanja Paskalew, Ulrike Riebel<br><br>Graphic Design: Viktor Schmidt<br>Translation: Saskia K\u00f6bschall, Andrea Scrima<br>Production: Carolina Redondo<br>Production Assistance: Juan Saez<br><br><a href=\"https:\/\/baerenzwinger.berlin\/en\/wp-content\/uploads\/sites\/2\/2022\/02\/190515_FictionalNature_KonzeptCVsengl.pdf\" data-type=\"URL\" data-id=\"https:\/\/baerenzwinger.berlin\/en\/wp-content\/uploads\/sites\/2\/2022\/02\/190515_FictionalNature_KonzeptCVsengl.pdf\">Download Concept<\/a><\/p>\n\n\t<\/div>\n\n<\/div>\n\n\n\n<div class=\"wp-block-columns is-layout-flex wp-container-core-columns-is-layout-9d6595d7 wp-block-columns-is-layout-flex\">\n<div class=\"wp-block-column is-layout-flow wp-block-column-is-layout-flow\"><\/div>\n\n\n\n<div class=\"wp-block-column is-layout-flow wp-block-column-is-layout-flow\"><div  id=\"jtg-1387\" class=\"modula modula-gallery modula-columns\" data-config=\"{&quot;tabletHeight&quot;:800,&quot;mobileHeight&quot;:800,&quot;desktopHeight&quot;:800,&quot;enableTwitter&quot;:false,&quot;enableWhatsapp&quot;:false,&quot;enableFacebook&quot;:false,&quot;enablePinterest&quot;:false,&quot;enableLinkedin&quot;:false,&quot;enableEmail&quot;:false,&quot;randomFactor&quot;:0.5,&quot;type&quot;:&quot;grid&quot;,&quot;columns&quot;:12,&quot;gutter&quot;:10,&quot;mobileGutter&quot;:10,&quot;tabletGutter&quot;:10,&quot;desktopGutter&quot;:10,&quot;enableResponsive&quot;:&quot;0&quot;,&quot;tabletColumns&quot;:&quot;2&quot;,&quot;mobileColumns&quot;:&quot;1&quot;,&quot;lazyLoad&quot;:0,&quot;lightboxOpts&quot;:{&quot;animated&quot;:true,&quot;Thumbs&quot;:{&quot;type&quot;:&quot;modern&quot;,&quot;showOnStart&quot;:false},&quot;Toolbar&quot;:{&quot;display&quot;:{&quot;right&quot;:[&quot;close&quot;]},&quot;enabled&quot;:true},&quot;Carousel&quot;:{&quot;Panzoom&quot;:{&quot;touch&quot;:true},&quot;infinite&quot;:false},&quot;keyboard&quot;:{&quot;Escape&quot;:&quot;close&quot;,&quot;Delete&quot;:&quot;close&quot;,&quot;Backspace&quot;:&quot;close&quot;,&quot;PageUp&quot;:false,&quot;PageDown&quot;:false,&quot;ArrowUp&quot;:false,&quot;ArrowDown&quot;:false,&quot;ArrowRight&quot;:false,&quot;ArrowLeft&quot;:false},&quot;touch&quot;:false,&quot;backdropClick&quot;:false,&quot;l10n&quot;:{&quot;CLOSE&quot;:&quot;Close&quot;,&quot;NEXT&quot;:&quot;Next&quot;,&quot;PREV&quot;:&quot;Previous&quot;,&quot;Error&quot;:&quot;The requested content cannot be loaded. Please try again later.&quot;,&quot;PLAY_START&quot;:&quot;Start slideshow&quot;,&quot;PLAY_STOP&quot;:&quot;Pause slideshow&quot;,&quot;FULL_SCREEN&quot;:&quot;Full screen&quot;,&quot;THUMBS&quot;:&quot;Thumbnails&quot;,&quot;DOWNLOAD&quot;:&quot;Download&quot;,&quot;SHARE&quot;:&quot;Share&quot;,&quot;ZOOM&quot;:&quot;Zoom&quot;,&quot;EMAIL&quot;:&quot;Here is the link to the image : %%image_link%% and this is the link to the gallery : %%gallery_link%%&quot;,&quot;MODAL&quot;:&quot;You can close this modal content with the ESC key&quot;,&quot;ERROR&quot;:&quot;Something Went Wrong, Please Try Again Later&quot;,&quot;IMAGE_ERROR&quot;:&quot;Image Not Found&quot;,&quot;ELEMENT_NOT_FOUND&quot;:&quot;HTML Element Not Found&quot;,&quot;AJAX_NOT_FOUND&quot;:&quot;Error Loading AJAX : Not Found&quot;,&quot;AJAX_FORBIDDEN&quot;:&quot;Error Loading AJAX : Forbidden&quot;,&quot;IFRAME_ERROR&quot;:&quot;Error Loading Page&quot;,&quot;TOGGLE_ZOOM&quot;:&quot;Toggle zoom level&quot;,&quot;TOGGLE_THUMBS&quot;:&quot;Toggle thumbnails&quot;,&quot;TOGGLE_SLIDESHOW&quot;:&quot;Toggle slideshow&quot;,&quot;TOGGLE_FULLSCREEN&quot;:&quot;Toggle full-screen mode&quot;},&quot;Images&quot;:{&quot;Panzoom&quot;:{&quot;maxScale&quot;:2}},&quot;mainClass&quot;:&quot;modula-fancybox-container modula-lightbox-jtg-1387&quot;,&quot;Html&quot;:{&quot;videoAutoplay&quot;:0,&quot;videoTpl&quot;:&quot;&lt;video class=\\&quot;fancybox__html5video\\&quot; controls muted playsinline controlsList controlsList=\\&quot;nodownload\\&quot; poster=\\&quot;{{poster}}\\&quot; src=\\&quot;{{src}}\\&quot; type=\\&quot;{{format}}\\&quot; &gt;  Sorry, your browser doesn&#039;t support embedded videos, &lt;a href=\\&quot;{{src}}\\&quot;&gt; download &lt;\\\/a&gt; and watch with your favorite video player! &lt;\\\/video&gt;&quot;}},&quot;inView&quot;:false,&quot;email_subject&quot;:&quot;Check out this awesome image !!&quot;,&quot;email_message&quot;:&quot;Here is the link to the image : %%image_link%% and this is the link to the gallery : %%gallery_link%%&quot;,&quot;grid_type&quot;:&quot;automatic&quot;,&quot;rowHeight&quot;:100,&quot;lastRow&quot;:&quot;nojustify&quot;,&quot;lightbox&quot;:&quot;fancybox&quot;}\">\n\n\t\n\t<div  class=\"modula-items grid-gallery\">\n\t\t<div class=\"modula-item effect-pufrobo\" >\n\t<div class=\"modula-item-overlay\"><\/div>\n\n\t<div class=\"modula-item-content\">\n\n\t\t<a data-image-id=\"774\" role=\"button\" tabindex=\"0\" rel=\"jtg-1387\" data-caption=\"Fictional Nature, Foto: Fernando Guti\u00e9rrez Ju\u00e1rez\" aria-label=\"Open image in lightbox\" class=\"tile-inner modula-item-link\"><\/a><img loading=\"lazy\" decoding=\"async\" class=\"pic wp-image-774\"  data-valign=\"middle\" data-halign=\"center\" alt=\"\" data-full=\"https:\/\/baerenzwinger.berlin\/en\/wp-content\/uploads\/sites\/2\/2021\/11\/fictional_nature-9089.jpg\" title=\"fictional_nature-9089\" crop=\"\" width=\"150\" height=\"150\" src=\"https:\/\/baerenzwinger.berlin\/en\/wp-content\/uploads\/sites\/2\/2021\/11\/fictional_nature-9089-152x152.jpg\" data-src=\"https:\/\/baerenzwinger.berlin\/en\/wp-content\/uploads\/sites\/2\/2021\/11\/fictional_nature-9089-152x152.jpg\" data-caption=\"Fictional Nature, Foto: Fernando Guti\u00e9rrez Ju\u00e1rez\" srcset=\"https:\/\/baerenzwinger.berlin\/en\/wp-content\/uploads\/sites\/2\/2021\/11\/fictional_nature-9089-152x152.jpg 152w, https:\/\/baerenzwinger.berlin\/en\/wp-content\/uploads\/sites\/2\/2021\/11\/fictional_nature-9089-333x333.jpg 333w, https:\/\/baerenzwinger.berlin\/en\/wp-content\/uploads\/sites\/2\/2021\/11\/fictional_nature-9089-600x600.jpg 600w, https:\/\/baerenzwinger.berlin\/en\/wp-content\/uploads\/sites\/2\/2021\/11\/fictional_nature-9089-150x150.jpg 150w\" sizes=\"auto, (max-width: 150px) 100vw, 150px\" \/>\n\t\t<div class=\"figc\">\n\t\t\t<div class=\"figc-inner\">\n\t\t\t\t\t\t\t\t\t\t\t\t\t<div class=\"jtg-description\">Fictional Nature, Foto: Fernando Guti\u00e9rrez Ju\u00e1rez<\/div>\n\t\t\t\t\t\t\t\t\t\t\t<\/div>\n\t\t<\/div>\n\n\t<\/div>\n\n<\/div><div class=\"modula-item effect-pufrobo\" >\n\t<div class=\"modula-item-overlay\"><\/div>\n\n\t<div class=\"modula-item-content\">\n\n\t\t<a data-image-id=\"768\" role=\"button\" tabindex=\"0\" rel=\"jtg-1387\" data-caption=\"Fictional Nature, Photo: Fernando Guti\u00e9rrez Ju\u00e1rez\" aria-label=\"Open image in lightbox\" class=\"tile-inner modula-item-link\"><\/a><img loading=\"lazy\" decoding=\"async\" class=\"pic wp-image-768\"  data-valign=\"middle\" data-halign=\"center\" alt=\"\" data-full=\"https:\/\/baerenzwinger.berlin\/en\/wp-content\/uploads\/sites\/2\/2021\/11\/fictional_nature-8909.jpg\" title=\"fictional_nature-8909\" crop=\"\" width=\"150\" height=\"150\" src=\"https:\/\/baerenzwinger.berlin\/en\/wp-content\/uploads\/sites\/2\/2021\/11\/fictional_nature-8909-152x152.jpg\" data-src=\"https:\/\/baerenzwinger.berlin\/en\/wp-content\/uploads\/sites\/2\/2021\/11\/fictional_nature-8909-152x152.jpg\" data-caption=\"Fictional Nature, Photo: Fernando Guti\u00e9rrez Ju\u00e1rez\" srcset=\"https:\/\/baerenzwinger.berlin\/en\/wp-content\/uploads\/sites\/2\/2021\/11\/fictional_nature-8909-152x152.jpg 152w, https:\/\/baerenzwinger.berlin\/en\/wp-content\/uploads\/sites\/2\/2021\/11\/fictional_nature-8909-333x333.jpg 333w, https:\/\/baerenzwinger.berlin\/en\/wp-content\/uploads\/sites\/2\/2021\/11\/fictional_nature-8909-600x600.jpg 600w, https:\/\/baerenzwinger.berlin\/en\/wp-content\/uploads\/sites\/2\/2021\/11\/fictional_nature-8909-150x150.jpg 150w\" sizes=\"auto, (max-width: 150px) 100vw, 150px\" \/>\n\t\t<div class=\"figc\">\n\t\t\t<div class=\"figc-inner\">\n\t\t\t\t\t\t\t\t\t\t\t\t\t<div class=\"jtg-description\">Fictional Nature, Photo: Fernando Guti\u00e9rrez Ju\u00e1rez<\/div>\n\t\t\t\t\t\t\t\t\t\t\t<\/div>\n\t\t<\/div>\n\n\t<\/div>\n\n<\/div><div class=\"modula-item effect-pufrobo\" >\n\t<div class=\"modula-item-overlay\"><\/div>\n\n\t<div class=\"modula-item-content\">\n\n\t\t<a data-image-id=\"772\" role=\"button\" tabindex=\"0\" rel=\"jtg-1387\" data-caption=\"Fictional Nature, Photo: Fernando Guti\u00e9rrez Ju\u00e1rez\" aria-label=\"Open image in lightbox\" class=\"tile-inner modula-item-link\"><\/a><img loading=\"lazy\" decoding=\"async\" class=\"pic wp-image-772\"  data-valign=\"middle\" data-halign=\"center\" alt=\"\" data-full=\"https:\/\/baerenzwinger.berlin\/en\/wp-content\/uploads\/sites\/2\/2021\/11\/fictional_nature-9050.jpg\" title=\"fictional_nature-9050\" crop=\"\" width=\"150\" height=\"150\" src=\"https:\/\/baerenzwinger.berlin\/en\/wp-content\/uploads\/sites\/2\/2021\/11\/fictional_nature-9050-152x152.jpg\" data-src=\"https:\/\/baerenzwinger.berlin\/en\/wp-content\/uploads\/sites\/2\/2021\/11\/fictional_nature-9050-152x152.jpg\" data-caption=\"Fictional Nature, Photo: Fernando Guti\u00e9rrez Ju\u00e1rez\" srcset=\"https:\/\/baerenzwinger.berlin\/en\/wp-content\/uploads\/sites\/2\/2021\/11\/fictional_nature-9050-152x152.jpg 152w, https:\/\/baerenzwinger.berlin\/en\/wp-content\/uploads\/sites\/2\/2021\/11\/fictional_nature-9050-333x333.jpg 333w, https:\/\/baerenzwinger.berlin\/en\/wp-content\/uploads\/sites\/2\/2021\/11\/fictional_nature-9050-600x600.jpg 600w, https:\/\/baerenzwinger.berlin\/en\/wp-content\/uploads\/sites\/2\/2021\/11\/fictional_nature-9050-150x150.jpg 150w\" sizes=\"auto, (max-width: 150px) 100vw, 150px\" \/>\n\t\t<div class=\"figc\">\n\t\t\t<div class=\"figc-inner\">\n\t\t\t\t\t\t\t\t\t\t\t\t\t<div class=\"jtg-description\">Fictional Nature, Photo: Fernando Guti\u00e9rrez Ju\u00e1rez<\/div>\n\t\t\t\t\t\t\t\t\t\t\t<\/div>\n\t\t<\/div>\n\n\t<\/div>\n\n<\/div><div class=\"modula-item effect-pufrobo\" >\n\t<div class=\"modula-item-overlay\"><\/div>\n\n\t<div class=\"modula-item-content\">\n\n\t\t<a data-image-id=\"770\" role=\"button\" tabindex=\"0\" rel=\"jtg-1387\" data-caption=\"Fictional Nature, Photo: Fernando Guti\u00e9rrez Ju\u00e1rez\" aria-label=\"Open image in lightbox\" class=\"tile-inner modula-item-link\"><\/a><img loading=\"lazy\" decoding=\"async\" class=\"pic wp-image-770\"  data-valign=\"middle\" data-halign=\"center\" alt=\"\" data-full=\"https:\/\/baerenzwinger.berlin\/en\/wp-content\/uploads\/sites\/2\/2021\/11\/fictional_nature-8975.jpg\" title=\"fictional_nature-8975\" crop=\"\" width=\"150\" height=\"150\" src=\"https:\/\/baerenzwinger.berlin\/en\/wp-content\/uploads\/sites\/2\/2021\/11\/fictional_nature-8975-152x152.jpg\" data-src=\"https:\/\/baerenzwinger.berlin\/en\/wp-content\/uploads\/sites\/2\/2021\/11\/fictional_nature-8975-152x152.jpg\" data-caption=\"Fictional Nature, Photo: Fernando Guti\u00e9rrez Ju\u00e1rez\" srcset=\"https:\/\/baerenzwinger.berlin\/en\/wp-content\/uploads\/sites\/2\/2021\/11\/fictional_nature-8975-152x152.jpg 152w, https:\/\/baerenzwinger.berlin\/en\/wp-content\/uploads\/sites\/2\/2021\/11\/fictional_nature-8975-333x333.jpg 333w, https:\/\/baerenzwinger.berlin\/en\/wp-content\/uploads\/sites\/2\/2021\/11\/fictional_nature-8975-600x600.jpg 600w, https:\/\/baerenzwinger.berlin\/en\/wp-content\/uploads\/sites\/2\/2021\/11\/fictional_nature-8975-150x150.jpg 150w\" sizes=\"auto, (max-width: 150px) 100vw, 150px\" \/>\n\t\t<div class=\"figc\">\n\t\t\t<div class=\"figc-inner\">\n\t\t\t\t\t\t\t\t\t\t\t\t\t<div class=\"jtg-description\">Fictional Nature, Photo: Fernando Guti\u00e9rrez Ju\u00e1rez<\/div>\n\t\t\t\t\t\t\t\t\t\t\t<\/div>\n\t\t<\/div>\n\n\t<\/div>\n\n<\/div><div class=\"modula-item effect-pufrobo\" >\n\t<div class=\"modula-item-overlay\"><\/div>\n\n\t<div class=\"modula-item-content\">\n\n\t\t<a data-image-id=\"773\" role=\"button\" tabindex=\"0\" rel=\"jtg-1387\" data-caption=\"Fictional Nature, Photo: Fernando Guti\u00e9rrez Ju\u00e1rez\" aria-label=\"Open image in lightbox\" class=\"tile-inner modula-item-link\"><\/a><img loading=\"lazy\" decoding=\"async\" class=\"pic wp-image-773\"  data-valign=\"middle\" data-halign=\"center\" alt=\"\" data-full=\"https:\/\/baerenzwinger.berlin\/en\/wp-content\/uploads\/sites\/2\/2021\/11\/fictional_nature-9052.jpg\" title=\"fictional_nature-9052\" crop=\"\" width=\"150\" height=\"150\" src=\"https:\/\/baerenzwinger.berlin\/en\/wp-content\/uploads\/sites\/2\/2021\/11\/fictional_nature-9052-152x152.jpg\" data-src=\"https:\/\/baerenzwinger.berlin\/en\/wp-content\/uploads\/sites\/2\/2021\/11\/fictional_nature-9052-152x152.jpg\" data-caption=\"Fictional Nature, Photo: Fernando Guti\u00e9rrez Ju\u00e1rez\" srcset=\"https:\/\/baerenzwinger.berlin\/en\/wp-content\/uploads\/sites\/2\/2021\/11\/fictional_nature-9052-152x152.jpg 152w, https:\/\/baerenzwinger.berlin\/en\/wp-content\/uploads\/sites\/2\/2021\/11\/fictional_nature-9052-333x333.jpg 333w, https:\/\/baerenzwinger.berlin\/en\/wp-content\/uploads\/sites\/2\/2021\/11\/fictional_nature-9052-600x600.jpg 600w, https:\/\/baerenzwinger.berlin\/en\/wp-content\/uploads\/sites\/2\/2021\/11\/fictional_nature-9052-150x150.jpg 150w\" sizes=\"auto, (max-width: 150px) 100vw, 150px\" \/>\n\t\t<div class=\"figc\">\n\t\t\t<div class=\"figc-inner\">\n\t\t\t\t\t\t\t\t\t\t\t\t\t<div class=\"jtg-description\">Fictional Nature, Photo: Fernando Guti\u00e9rrez Ju\u00e1rez<\/div>\n\t\t\t\t\t\t\t\t\t\t\t<\/div>\n\t\t<\/div>\n\n\t<\/div>\n\n<\/div><div class=\"modula-item effect-pufrobo\" >\n\t<div class=\"modula-item-overlay\"><\/div>\n\n\t<div class=\"modula-item-content\">\n\n\t\t<a data-image-id=\"759\" role=\"button\" tabindex=\"0\" rel=\"jtg-1387\" data-caption=\"Maximiliam Arnold &amp; \u00d8rjan Einars\u00f8nn D\u00f8sen, \u00bbThe Forecast\u00ab (Die Prognose), Foto Trevor Lloyd\" aria-label=\"Open image in lightbox\" class=\"tile-inner modula-item-link\"><\/a><img loading=\"lazy\" decoding=\"async\" class=\"pic wp-image-759\"  data-valign=\"middle\" data-halign=\"center\" alt=\"\" data-full=\"https:\/\/baerenzwinger.berlin\/en\/wp-content\/uploads\/sites\/2\/2021\/11\/BZ_FictionalNature_08.jpg\" title=\"BZ_FictionalNature_08\" crop=\"\" width=\"150\" height=\"150\" src=\"https:\/\/baerenzwinger.berlin\/en\/wp-content\/uploads\/sites\/2\/2021\/11\/BZ_FictionalNature_08-152x152.jpg\" data-src=\"https:\/\/baerenzwinger.berlin\/en\/wp-content\/uploads\/sites\/2\/2021\/11\/BZ_FictionalNature_08-152x152.jpg\" data-caption=\"Maximiliam Arnold &amp; \u00d8rjan Einars\u00f8nn D\u00f8sen, \u00bbThe Forecast\u00ab (Die Prognose), Foto Trevor Lloyd\" srcset=\"https:\/\/baerenzwinger.berlin\/en\/wp-content\/uploads\/sites\/2\/2021\/11\/BZ_FictionalNature_08-152x152.jpg 152w, https:\/\/baerenzwinger.berlin\/en\/wp-content\/uploads\/sites\/2\/2021\/11\/BZ_FictionalNature_08-333x333.jpg 333w, https:\/\/baerenzwinger.berlin\/en\/wp-content\/uploads\/sites\/2\/2021\/11\/BZ_FictionalNature_08-600x600.jpg 600w, https:\/\/baerenzwinger.berlin\/en\/wp-content\/uploads\/sites\/2\/2021\/11\/BZ_FictionalNature_08-150x150.jpg 150w\" sizes=\"auto, (max-width: 150px) 100vw, 150px\" \/>\n\t\t<div class=\"figc\">\n\t\t\t<div class=\"figc-inner\">\n\t\t\t\t\t\t\t\t\t\t\t\t\t<div class=\"jtg-description\">Maximiliam Arnold &amp; \u00d8rjan Einars\u00f8nn D\u00f8sen, \u00bbThe Forecast\u00ab (Die Prognose), Foto Trevor Lloyd<\/div>\n\t\t\t\t\t\t\t\t\t\t\t<\/div>\n\t\t<\/div>\n\n\t<\/div>\n\n<\/div><div class=\"modula-item effect-pufrobo\" >\n\t<div class=\"modula-item-overlay\"><\/div>\n\n\t<div class=\"modula-item-content\">\n\n\t\t<a data-image-id=\"761\" role=\"button\" tabindex=\"0\" rel=\"jtg-1387\" data-caption=\"Maximiliam Arnold &amp; \u00d8rjan Einars\u00f8nn D\u00f8sen, \u00bbThe Forecast\u00ab (Die Prognose), Foto Trevor Lloyd\" aria-label=\"Open image in lightbox\" class=\"tile-inner modula-item-link\"><\/a><img loading=\"lazy\" decoding=\"async\" class=\"pic wp-image-761\"  data-valign=\"middle\" data-halign=\"center\" alt=\"\" data-full=\"https:\/\/baerenzwinger.berlin\/en\/wp-content\/uploads\/sites\/2\/2021\/11\/BZ_FictionalNature_011.jpg\" title=\"BZ_FictionalNature_011\" crop=\"\" width=\"150\" height=\"150\" src=\"https:\/\/baerenzwinger.berlin\/en\/wp-content\/uploads\/sites\/2\/2021\/11\/BZ_FictionalNature_011-152x152.jpg\" data-src=\"https:\/\/baerenzwinger.berlin\/en\/wp-content\/uploads\/sites\/2\/2021\/11\/BZ_FictionalNature_011-152x152.jpg\" data-caption=\"Maximiliam Arnold &amp; \u00d8rjan Einars\u00f8nn D\u00f8sen, \u00bbThe Forecast\u00ab (Die Prognose), Foto Trevor Lloyd\" srcset=\"https:\/\/baerenzwinger.berlin\/en\/wp-content\/uploads\/sites\/2\/2021\/11\/BZ_FictionalNature_011-152x152.jpg 152w, https:\/\/baerenzwinger.berlin\/en\/wp-content\/uploads\/sites\/2\/2021\/11\/BZ_FictionalNature_011-333x333.jpg 333w, https:\/\/baerenzwinger.berlin\/en\/wp-content\/uploads\/sites\/2\/2021\/11\/BZ_FictionalNature_011-600x600.jpg 600w, https:\/\/baerenzwinger.berlin\/en\/wp-content\/uploads\/sites\/2\/2021\/11\/BZ_FictionalNature_011-150x150.jpg 150w\" sizes=\"auto, (max-width: 150px) 100vw, 150px\" \/>\n\t\t<div class=\"figc\">\n\t\t\t<div class=\"figc-inner\">\n\t\t\t\t\t\t\t\t\t\t\t\t\t<div class=\"jtg-description\">Maximiliam Arnold &amp; \u00d8rjan Einars\u00f8nn D\u00f8sen, \u00bbThe Forecast\u00ab (Die Prognose), Foto Trevor Lloyd<\/div>\n\t\t\t\t\t\t\t\t\t\t\t<\/div>\n\t\t<\/div>\n\n\t<\/div>\n\n<\/div><div class=\"modula-item effect-pufrobo\" >\n\t<div class=\"modula-item-overlay\"><\/div>\n\n\t<div class=\"modula-item-content\">\n\n\t\t<a data-image-id=\"758\" role=\"button\" tabindex=\"0\" rel=\"jtg-1387\" data-caption=\"Maximiliam Arnold &amp; \u00d8rjan Einars\u00f8nn D\u00f8sen, \u00bbThe Forecast\u00ab (Die Prognose), Foto Trevor Lloyd\" aria-label=\"Open image in lightbox\" class=\"tile-inner modula-item-link\"><\/a><img loading=\"lazy\" decoding=\"async\" class=\"pic wp-image-758\"  data-valign=\"middle\" data-halign=\"center\" alt=\"\" data-full=\"https:\/\/baerenzwinger.berlin\/en\/wp-content\/uploads\/sites\/2\/2021\/11\/BZ_FictionalNature_06.jpg\" title=\"BZ_FictionalNature_06\" crop=\"\" width=\"150\" height=\"150\" src=\"https:\/\/baerenzwinger.berlin\/en\/wp-content\/uploads\/sites\/2\/2021\/11\/BZ_FictionalNature_06-152x152.jpg\" data-src=\"https:\/\/baerenzwinger.berlin\/en\/wp-content\/uploads\/sites\/2\/2021\/11\/BZ_FictionalNature_06-152x152.jpg\" data-caption=\"Maximiliam Arnold &amp; \u00d8rjan Einars\u00f8nn D\u00f8sen, \u00bbThe Forecast\u00ab (Die Prognose), Foto Trevor Lloyd\" srcset=\"https:\/\/baerenzwinger.berlin\/en\/wp-content\/uploads\/sites\/2\/2021\/11\/BZ_FictionalNature_06-152x152.jpg 152w, https:\/\/baerenzwinger.berlin\/en\/wp-content\/uploads\/sites\/2\/2021\/11\/BZ_FictionalNature_06-333x333.jpg 333w, https:\/\/baerenzwinger.berlin\/en\/wp-content\/uploads\/sites\/2\/2021\/11\/BZ_FictionalNature_06-600x600.jpg 600w, https:\/\/baerenzwinger.berlin\/en\/wp-content\/uploads\/sites\/2\/2021\/11\/BZ_FictionalNature_06-150x150.jpg 150w\" sizes=\"auto, (max-width: 150px) 100vw, 150px\" \/>\n\t\t<div class=\"figc\">\n\t\t\t<div class=\"figc-inner\">\n\t\t\t\t\t\t\t\t\t\t\t\t\t<div class=\"jtg-description\">Maximiliam Arnold &amp; \u00d8rjan Einars\u00f8nn D\u00f8sen, \u00bbThe Forecast\u00ab (Die Prognose), Foto Trevor Lloyd<\/div>\n\t\t\t\t\t\t\t\t\t\t\t<\/div>\n\t\t<\/div>\n\n\t<\/div>\n\n<\/div><div class=\"modula-item effect-pufrobo\" >\n\t<div class=\"modula-item-overlay\"><\/div>\n\n\t<div class=\"modula-item-content\">\n\n\t\t<a data-image-id=\"764\" role=\"button\" tabindex=\"0\" rel=\"jtg-1387\" data-caption=\"Isabella F\u00fcrnkas, \u00bbToo Easy\u00ab, Foto Trevor Lloyd\" aria-label=\"Open image in lightbox\" class=\"tile-inner modula-item-link\"><\/a><img loading=\"lazy\" decoding=\"async\" class=\"pic wp-image-764\"  data-valign=\"middle\" data-halign=\"center\" alt=\"\" data-full=\"https:\/\/baerenzwinger.berlin\/en\/wp-content\/uploads\/sites\/2\/2021\/11\/BZ_FictionalNature_014.jpg\" title=\"BZ_FictionalNature_014\" crop=\"\" width=\"150\" height=\"150\" src=\"https:\/\/baerenzwinger.berlin\/en\/wp-content\/uploads\/sites\/2\/2021\/11\/BZ_FictionalNature_014-152x152.jpg\" data-src=\"https:\/\/baerenzwinger.berlin\/en\/wp-content\/uploads\/sites\/2\/2021\/11\/BZ_FictionalNature_014-152x152.jpg\" data-caption=\"Isabella F\u00fcrnkas, \u00bbToo Easy\u00ab, Foto Trevor Lloyd\" srcset=\"https:\/\/baerenzwinger.berlin\/en\/wp-content\/uploads\/sites\/2\/2021\/11\/BZ_FictionalNature_014-152x152.jpg 152w, https:\/\/baerenzwinger.berlin\/en\/wp-content\/uploads\/sites\/2\/2021\/11\/BZ_FictionalNature_014-333x333.jpg 333w, https:\/\/baerenzwinger.berlin\/en\/wp-content\/uploads\/sites\/2\/2021\/11\/BZ_FictionalNature_014-600x600.jpg 600w, https:\/\/baerenzwinger.berlin\/en\/wp-content\/uploads\/sites\/2\/2021\/11\/BZ_FictionalNature_014-150x150.jpg 150w\" sizes=\"auto, (max-width: 150px) 100vw, 150px\" \/>\n\t\t<div class=\"figc\">\n\t\t\t<div class=\"figc-inner\">\n\t\t\t\t\t\t\t\t\t\t\t\t\t<div class=\"jtg-description\">Isabella F\u00fcrnkas, \u00bbToo Easy\u00ab, Foto Trevor Lloyd<\/div>\n\t\t\t\t\t\t\t\t\t\t\t<\/div>\n\t\t<\/div>\n\n\t<\/div>\n\n<\/div><div class=\"modula-item effect-pufrobo\" >\n\t<div class=\"modula-item-overlay\"><\/div>\n\n\t<div class=\"modula-item-content\">\n\n\t\t<a data-image-id=\"763\" role=\"button\" tabindex=\"0\" rel=\"jtg-1387\" data-caption=\"Isabella F\u00fcrnkas, \u00bbScarlet\u00ab aus der Serie \u00bbWounded\u00ab, Foto Trevor Lloyd\" aria-label=\"Open image in lightbox\" class=\"tile-inner modula-item-link\"><\/a><img loading=\"lazy\" decoding=\"async\" class=\"pic wp-image-763\"  data-valign=\"middle\" data-halign=\"center\" alt=\"\" data-full=\"https:\/\/baerenzwinger.berlin\/en\/wp-content\/uploads\/sites\/2\/2021\/11\/BZ_FictionalNature_013.jpg\" title=\"BZ_FictionalNature_013\" crop=\"\" width=\"150\" height=\"150\" src=\"https:\/\/baerenzwinger.berlin\/en\/wp-content\/uploads\/sites\/2\/2021\/11\/BZ_FictionalNature_013-152x152.jpg\" data-src=\"https:\/\/baerenzwinger.berlin\/en\/wp-content\/uploads\/sites\/2\/2021\/11\/BZ_FictionalNature_013-152x152.jpg\" data-caption=\"Isabella F\u00fcrnkas, \u00bbScarlet\u00ab aus der Serie \u00bbWounded\u00ab, Foto Trevor Lloyd\" srcset=\"https:\/\/baerenzwinger.berlin\/en\/wp-content\/uploads\/sites\/2\/2021\/11\/BZ_FictionalNature_013-152x152.jpg 152w, https:\/\/baerenzwinger.berlin\/en\/wp-content\/uploads\/sites\/2\/2021\/11\/BZ_FictionalNature_013-333x333.jpg 333w, https:\/\/baerenzwinger.berlin\/en\/wp-content\/uploads\/sites\/2\/2021\/11\/BZ_FictionalNature_013-600x600.jpg 600w, https:\/\/baerenzwinger.berlin\/en\/wp-content\/uploads\/sites\/2\/2021\/11\/BZ_FictionalNature_013-150x150.jpg 150w\" sizes=\"auto, (max-width: 150px) 100vw, 150px\" \/>\n\t\t<div class=\"figc\">\n\t\t\t<div class=\"figc-inner\">\n\t\t\t\t\t\t\t\t\t\t\t\t\t<div class=\"jtg-description\">Isabella F\u00fcrnkas, \u00bbScarlet\u00ab aus der Serie \u00bbWounded\u00ab, Foto Trevor Lloyd<\/div>\n\t\t\t\t\t\t\t\t\t\t\t<\/div>\n\t\t<\/div>\n\n\t<\/div>\n\n<\/div><div class=\"modula-item effect-pufrobo\" >\n\t<div class=\"modula-item-overlay\"><\/div>\n\n\t<div class=\"modula-item-content\">\n\n\t\t<a data-image-id=\"766\" role=\"button\" tabindex=\"0\" rel=\"jtg-1387\" data-caption=\"\u00bbErwartende\u00ab (c) Fabian Knecht\" aria-label=\"Open image in lightbox\" class=\"tile-inner modula-item-link\"><\/a><img loading=\"lazy\" decoding=\"async\" class=\"pic wp-image-766\"  data-valign=\"middle\" data-halign=\"center\" alt=\"\" data-full=\"https:\/\/baerenzwinger.berlin\/en\/wp-content\/uploads\/sites\/2\/2021\/11\/FabianKnechtErwartende2019_web.jpg\" title=\"FabianKnechtErwartende2019_web\" crop=\"\" width=\"150\" height=\"150\" src=\"https:\/\/baerenzwinger.berlin\/en\/wp-content\/uploads\/sites\/2\/2021\/11\/FabianKnechtErwartende2019_web-152x152.jpg\" data-src=\"https:\/\/baerenzwinger.berlin\/en\/wp-content\/uploads\/sites\/2\/2021\/11\/FabianKnechtErwartende2019_web-152x152.jpg\" data-caption=\"\u00bbErwartende\u00ab (c) Fabian Knecht\" srcset=\"https:\/\/baerenzwinger.berlin\/en\/wp-content\/uploads\/sites\/2\/2021\/11\/FabianKnechtErwartende2019_web-152x152.jpg 152w, https:\/\/baerenzwinger.berlin\/en\/wp-content\/uploads\/sites\/2\/2021\/11\/FabianKnechtErwartende2019_web-333x333.jpg 333w, https:\/\/baerenzwinger.berlin\/en\/wp-content\/uploads\/sites\/2\/2021\/11\/FabianKnechtErwartende2019_web-600x600.jpg 600w, https:\/\/baerenzwinger.berlin\/en\/wp-content\/uploads\/sites\/2\/2021\/11\/FabianKnechtErwartende2019_web-150x150.jpg 150w\" sizes=\"auto, (max-width: 150px) 100vw, 150px\" \/>\n\t\t<div class=\"figc\">\n\t\t\t<div class=\"figc-inner\">\n\t\t\t\t\t\t\t\t\t\t\t\t\t<div class=\"jtg-description\">\u00bbErwartende\u00ab (c) Fabian Knecht<\/div>\n\t\t\t\t\t\t\t\t\t\t\t<\/div>\n\t\t<\/div>\n\n\t<\/div>\n\n<\/div><div class=\"modula-item effect-pufrobo\" >\n\t<div class=\"modula-item-overlay\"><\/div>\n\n\t<div class=\"modula-item-content\">\n\n\t\t<a data-image-id=\"756\" role=\"button\" tabindex=\"0\" rel=\"jtg-1387\" data-caption=\"Keto Logua, \u00bbNode Time\u00ab, Foto Trevor Lloyd\" aria-label=\"Open image in lightbox\" class=\"tile-inner modula-item-link\"><\/a><img loading=\"lazy\" decoding=\"async\" class=\"pic wp-image-756\"  data-valign=\"middle\" data-halign=\"center\" alt=\"\" data-full=\"https:\/\/baerenzwinger.berlin\/en\/wp-content\/uploads\/sites\/2\/2021\/11\/BZ_FictionalNature_01.jpg\" title=\"BZ_FictionalNature_01\" crop=\"\" width=\"150\" height=\"150\" src=\"https:\/\/baerenzwinger.berlin\/en\/wp-content\/uploads\/sites\/2\/2021\/11\/BZ_FictionalNature_01-152x152.jpg\" data-src=\"https:\/\/baerenzwinger.berlin\/en\/wp-content\/uploads\/sites\/2\/2021\/11\/BZ_FictionalNature_01-152x152.jpg\" data-caption=\"Keto Logua, \u00bbNode Time\u00ab, Foto Trevor Lloyd\" srcset=\"https:\/\/baerenzwinger.berlin\/en\/wp-content\/uploads\/sites\/2\/2021\/11\/BZ_FictionalNature_01-152x152.jpg 152w, https:\/\/baerenzwinger.berlin\/en\/wp-content\/uploads\/sites\/2\/2021\/11\/BZ_FictionalNature_01-333x333.jpg 333w, https:\/\/baerenzwinger.berlin\/en\/wp-content\/uploads\/sites\/2\/2021\/11\/BZ_FictionalNature_01-600x600.jpg 600w, https:\/\/baerenzwinger.berlin\/en\/wp-content\/uploads\/sites\/2\/2021\/11\/BZ_FictionalNature_01-150x150.jpg 150w\" sizes=\"auto, (max-width: 150px) 100vw, 150px\" \/>\n\t\t<div class=\"figc\">\n\t\t\t<div class=\"figc-inner\">\n\t\t\t\t\t\t\t\t\t\t\t\t\t<div class=\"jtg-description\">Keto Logua, \u00bbNode Time\u00ab, Foto Trevor Lloyd<\/div>\n\t\t\t\t\t\t\t\t\t\t\t<\/div>\n\t\t<\/div>\n\n\t<\/div>\n\n<\/div>\t\t\n\t<\/div>\n\n\t\n\t\n\t<script type=\"application\/ld+json\">\n\t{\n\t\t\"@context\": \"http:\/\/schema.org\",\n\t\t\"@type\"   : \"ImageGallery\",\n\t\t\"id\"      : \"https:\/\/baerenzwinger.berlin\/en\/program\/fictional-nature\/\",\n\t\t\"url\"     : \"https:\/\/baerenzwinger.berlin\/en\/program\/fictional-nature\/\"\n\t}\n\n\t<\/script>\n\n\t\n<\/div>\n<\/div>\n\n\n\n<div class=\"wp-block-column is-layout-flow wp-block-column-is-layout-flow\"><\/div>\n<\/div>\n\n\n\n<h2 class=\"wp-block-heading\" id=\"max\">maximilian arnold &amp; \u00f8rjan einars\u00f8nn d\u00f8sen<\/h2>\n\n\n<div class=\"wp-bootstrap-blocks-row row\">\n\t\n\n<div class=\"col-12 col-md-6 col-lg-3\">\n\t\t\t\t<\/div>\n\n\n\n<div class=\"col-12 col-md-6 col-lg-3\">\n\t\t\t\t<\/div>\n\n\n\n<div class=\"col-12 col-md-6 col-lg-3\">\n\t\t\t\n\n<p>Over the course of the past year, the two artists, in addition to their respective independent practice as painters, have dared to work together, combining their two approaches and connecting them on different levels. The \u00bbForecast\u00ab is a series of over 25 large-format prints depicting weather reports in studio situations and weather maps. The first stage of the printing process is carried out using inkjet printing on stone paper, which partially blurs information on the original screenshot and creates blanks.<\/p>\n\n\t<\/div>\n\n\n\n<div class=\"col-12 col-md-6 col-lg-3\">\n\t\t\t\n\n<p><a href=\"http:\/\/maximilian-arnold.com\/about\/\">Maximilian Arnold<\/a> studied in Karlsruhe and at the St\u00e4delschule in Frankfurt am Main (with Willem de Rooij). His works were last shown at the Museum f\u00fcr Neue Kunst in Nuremberg, the Spazio Buonasera in Turin, the Max Liebermann Haus (Berlin), the Kunsthaus Baselland.<br><br>\u00d8rjan Einars\u00f8nn D\u00f8sen studied in Oslo, Amsterdam and D\u00fcsseldorf, where he graduated in 2016. His works were shown a.o. at Fiebach Mieniger (Cologne), Chez Malik (Hamburg), W139 (Amsterdam) and Pantaleons M\u00fchlengasse (Cologne).<\/p>\n\n\n\n<p>Both artists live and work in Berlin. Their joint work is currently also on display at Tor Art Space in Frankfurt am Main.<\/p>\n\n\t<\/div>\n\n<\/div>\n\n\n\n<h2 class=\"wp-block-heading\" id=\"isabella\">isabella f\u00fcrnk\u00e4s<\/h2>\n\n\n<div class=\"wp-bootstrap-blocks-row row\">\n\t\n\n<div class=\"col-12 col-md-6 col-lg-3\">\n\t\t\t\t<\/div>\n\n\n\n<div class=\"col-12 col-md-6 col-lg-3\">\n\t\t\t\t<\/div>\n\n\n\n<div class=\"col-12 col-md-6 col-lg-3\">\n\t\t\t\n\n<p>In her installations, drawings, sound and video works as well as performances Isabella F\u00fcrnk\u00e4s discusses topics like isolation, corporeality and communication structures. She combines digital and archaic media, questioning identity, self-awareness and memory. Desire, lust and emotional vulnerability are the main motives of her work.<\/p>\n\n\t<\/div>\n\n\n\n<div class=\"col-12 col-md-6 col-lg-3\">\n\t\t\t\n\n<p><a href=\"http:\/\/isabellafuernkaes.com\/\"><a href=\"http:\/\/isabellafuernkaes.com\/\">Isabella F\u00fcrnk\u00e4s<\/a> <\/a>lives in D\u00fcsseldorf and Berlin. She studied in Zurich, Vienna, Berlin and D\u00fcsseldorf, where she graduated in 2018 as Andreas Gurskys\u2019 master student. Her performances and works have been shown at the K\u00f6lnischer Kunstverein, the Kunsthalle Wien, the PS120, the Akademie der K\u00fcnste der Welt in Cologne and the Pogobar of the KW Institute for Contemporary Art Berlin. She is currently completing the Bronner Residency in Tel Aviv.<\/p>\n\n\t<\/div>\n\n<\/div>\n\n\n\n<h2 class=\"wp-block-heading\" id=\"fabian\">fabian knecht<\/h2>\n\n\n<div class=\"wp-bootstrap-blocks-row row\">\n\t\n\n<div class=\"col-12 col-md-6 col-lg-3\">\n\t\t\t\t<\/div>\n\n\n\n<div class=\"col-12 col-md-6 col-lg-3\">\n\t\t\t\t<\/div>\n\n\n\n<div class=\"col-12 col-md-6 col-lg-3\">\n\t\t\t\n\n<p>With his works, which often appear unexpectedly in public space, Fabian Knecht breaks out of the exhibition context and into everyday life. He changes patterns of perception and action, transgresses art concepts and power structures, and questions social relations and norms by countering them with strong and provocative images.<\/p>\n\n\t<\/div>\n\n\n\n<div class=\"col-12 col-md-6 col-lg-3\">\n\t\t\t\n\n<p><a href=\"http:\/\/www.fabianknecht.de\/\"><a rel=\"noreferrer noopener\" href=\"http:\/\/www.fabianknecht.de\/\" target=\"_blank\">Fabian Knecht<\/a> <\/a>studied at the Universit\u00e4t der K\u00fcnste Berlin and at the California Institute of the Arts. In 2014 he completed his master\u2019s degree with Olafur Eliasson, at whose Institut f\u00fcr Raumexperimente he studied from 2009 to 2014. In 2012 he assisted in the studio of Matthew Barney in New York. Fabian Knecht\u2019s works have been shown in national and international institutions and exhibitions, among them the MSU Museum for Contemporary Art (Zagreb), the Moscow International Biennale for Young Art, the Neue Nationalgalerie (Berlin), Hamburger Bahnhof (Berlin), the Imperial War Museum (London), and the Staatliche Kunsthalle Baden-Baden. He is represented by Alexander Levy, Berlin and Christophe Gaillard, Paris.<\/p>\n\n\t<\/div>\n\n<\/div>\n\n\n\n<h2 class=\"wp-block-heading\" id=\"keto\">keto logua<\/h2>\n\n\n<div class=\"wp-bootstrap-blocks-row row\">\n\t\n\n<div class=\"col-12 col-md-6 col-lg-3\">\n\t\t\t\t<\/div>\n\n\n\n<div class=\"col-12 col-md-6 col-lg-3\">\n\t\t\t\t<\/div>\n\n\n\n<div class=\"col-12 col-md-6 col-lg-3\">\n\t\t\t\n\n<p>Keto Logua\u2019s sculptures and films often refer to natural phenomena and socio-cultural issues. The artist takes a critical and conceptual approach to found and constructed objects, submitting them to processes of compression and transformation. Examples of this include a 3D print of the world\u2019s first flower, which was reconstructed by a team of scientists last year, or a large sculpture made from elements of a beehive.<\/p>\n\n\t<\/div>\n\n\n\n<div class=\"col-12 col-md-6 col-lg-3\">\n\t\t\t\n\n<p><a href=\"https:\/\/arsviva.kulturkreis.eu\/keto-logua\"><a rel=\"noreferrer noopener\" href=\"https:\/\/arsviva.kulturkreis.eu\/keto-logua\" target=\"_blank\">Keto Logua<\/a> <\/a>studied Painting at the Tbilisi State Academy of Arts and Berlin University of the Arts. In 2017 she was a fellow of the Berlin Program for Artists. Her works have been shown at such venues as KAI 10 | Arthena Foundation (D\u00fcsseldorf), Between Bridges Berlin (Berlin), KW Institute for Contemporary Art (Berlin), and the goEast Open Frame Award competition at Museum Wiesbaden. In 2018 she was awarded the ars viva Prize for Visual Arts.<\/p>\n\n\t<\/div>\n\n<\/div>\n\n\n\n<h2 class=\"wp-block-heading\" id=\"sound\">sound performance<\/h2>\n\n\n<div class=\"wp-bootstrap-blocks-row row\">\n\t\n\n<div class=\"col-12 col-md-6 col-lg-3\">\n\t\t\t\t<\/div>\n\n\n\n<div class=\"col-12 col-md-6 col-lg-3\">\n\t\t\t\n\n<p>06\/05\/2019, 7 \u2013 10 pm<\/p>\n\n\n\n<p>V\u00edctor Maz\u00f3n Gardoqui<\/p>\n\n\n\n<p>\u00bbSubcut\u00e1neo. Towards a meta-natural realism.\u00ab<\/p>\n\n\t<\/div>\n\n\n\n<div class=\"col-12 col-md-6 col-lg-3\">\n\t\t\t\n\n<p>As part of the exhibition \u00bbFictional Nature\u00ab&nbsp;at B\u00e4renzwinger, V\u00edctor Maz\u00f3n Gardoqui presents a specific action for the space, amplifying the invisible by the use of sound as a material capable of sculpting the perceptual space.<\/p>\n\n\n\n<p>Through a series of custom sensors and antennas, the action generates a physical ecosystem of the enormous mass of oscillations and vibrating matter which we inhabit, although we are not able to perceive it, yet which exerts an effect on our bodies. Wavelengths distant to those perceived by our senses, mechanical and electromagnetic oscillations from nature as opposed to those generated by humans (GPS, GSM, WiFi, BT, radar, etc.), indicators of the abrupt transition we are immersed in the exact moment of the performance.<\/p>\n\n\t<\/div>\n\n\n\n<div class=\"col-12 col-md-6 col-lg-3\">\n\t\t\t\n\n<p>\u00bbNature is not natural and can never be naturalized.\u00ab<br>Graham Harman (2005)<\/p>\n\n\n\n<p>Inhabiting a world in constant oscillation, surrounded by natural phenomena, tectonic changes, drastic fluctuations in pressure, temperature, humidity, periodic alterations by gravitational attraction forces; but also inhabiting a world constantly mutated by the impact of human activity, extraction of raw materials, seascapes soaked in burning oil, floating plastic islands, and an exponential increase of portable wireless interconnected devices.<br><br>Our ability to understand the world we inhabit and of which we are part as the reality that surrounds us has become increasingly complex, while we consume doses of reality through digital environments surrounded by information and counter-information in a post-truth era.<br><br>The nature that we imagine, that we think we feel or idolize, is a distorted version of the real, transformed by complex cognitive and perceptual processes that make us lose a deeper and perhaps more satisfying form of realism. To reach a deeper realism requires moving away from what we call nature in order to perceive it towards the real, where through its expression it evokes a supernatural state, opposed to the natural or a state beyond it.<br><br>V\u00edctor Maz\u00f3n Gardoqui,<br>May 2019<\/p>\n\n\t<\/div>\n\n<\/div>\n\n\n\n<h2 class=\"wp-block-heading\" id=\"workshop\">workshop<\/h2>\n\n\n<div class=\"wp-bootstrap-blocks-row row\">\n\t\n\n<div class=\"col-12 col-md-6 col-lg-3\">\n\t\t\t\t<\/div>\n\n\n\n<div class=\"col-12 col-md-6 col-lg-3\">\n\t\t\t\n\n<p>06\/29 + 30\/2019, 3 \u2013 5pm<\/p>\n\n\n\n<p>Indoor and Outdoor Survival Workshop with Heath Bunting<\/p>\n\n\t<\/div>\n\n\n\n<div class=\"col-12 col-md-6 col-lg-3\">\n\t\t\t\n\n<p>\u00bbWhether you are imprisoned by the empire, avoiding external contaminants, or a desperate parent of multiple babies, you will need to learn survival skills. This workshop can prepare you for emergency situations or just extend your ability to remain indoors and outdoors for long periods.\u00ab \u2013 Heath Bunting<\/p>\n\n\t<\/div>\n\n\n\n<div class=\"col-12 col-md-6 col-lg-3\">\n\t\t\t\n\n<p>The British artist <a href=\"http:\/\/irational.org\/heath\/tree_house01.jpg\">Heath Bunting<\/a>&nbsp;is known for works and projects that break down the separation between art and everyday life, reality and fiction. In the context of the exhibition \u00bbFictional Nature\u00ab at B\u00e4renzwinger he gives an Indoor &amp; Outdoor Survival Workshop, which encourages us to reflect the environment, systems and structures in which we live. The aim is to train techniques in order to survive organized life. The workshop will cover topics and elements such as fire, water, food, shelter, sleep, personal hygiene and improvised tools as well as group dynamics and mental health.<br><br>Your tutor for this workshop has not only spent the last 2 years in a bedroom with another adult and twin babies for an average 23 hours per day but has also lived in the outdoors for months at a time.<\/p>\n\n\t<\/div>\n\n<\/div>\n\n\n\n<h2 class=\"wp-block-heading\" id=\"theorie\">theorie mittwoch<\/h2>\n\n\n<div class=\"wp-bootstrap-blocks-row row\">\n\t\n\n<div class=\"col-12 col-md-6 col-xl-3\">\n\t\t\t\n\n<p><\/p>\n\n\t<\/div>\n\n\n\n<div class=\"col-12 col-md-6 col-xl-3\">\n\t\t\t\n\n<p>07\/10\/2019, 7 \u2013 10pm<\/p>\n\n\n\n<p>with<br>Klara Hobza<br>Georg Dickmann<br>Leif Randt<\/p>\n\n\n\n<p>Moderation<br>Stephan Porombka<\/p>\n\n\t<\/div>\n\n\n\n<div class=\"col-12 col-md-6 col-xl-3\">\n\t\t\t\n\n<p>Nature isn\u2019t what it used to be. On the one hand, it seems to exist as nothing more than a colonized, altered, aestheticized, economized, transformed, mistreated thing. At the same time, more and more often and increasingly clearly, it shows us a side that is enigmatic, alien, puzzling, ineluctable, and self-determined that operates according to its own laws and wards off any intervention. Impassively, it seems to absorb the traces culture leaves behind and to incorporate these in order to make, in the long term, its own thing out of them.<\/p>\n\n\t<\/div>\n\n\n\n<div class=\"col-12 col-md-6 col-xl-3\">\n\t\t\t\n\n<p>What appears along the interfaces are the planned and unplanned phenomena of the wondrous hybrids which repeatedly put culture and nature at risk. In the framework of the exhibition program \u00bbFictional Odyssey,\u00ab we ask knowledgeable scouts and expedition leaders to tell us where we wind up if we travel along these interfaces and penetrate into the new spatial depths. What do we have to know? How should we prepare? What should we take along? What is there to discover?<\/p>\n\n\n\n<p>Stephan Porombka, professor at the University of the Arts in Berlin, questions artist Klara Hobza, scientist Georg Dickmann, and writer Leif Randt.<\/p>\n\n\t<\/div>\n\n<\/div>\n\n\n\n<h2 class=\"wp-block-heading\" id=\"topo\">TOPO FICTION<\/h2>\n\n\n\n<div class=\"wp-block-columns is-layout-flex wp-container-core-columns-is-layout-9d6595d7 wp-block-columns-is-layout-flex\">\n<div class=\"wp-block-column is-layout-flow wp-block-column-is-layout-flow\">\n<div class=\"wp-block-columns is-layout-flex wp-container-core-columns-is-layout-9d6595d7 wp-block-columns-is-layout-flex\">\n<div class=\"wp-block-column is-layout-flow wp-block-column-is-layout-flow\"><\/div>\n\n\n\n<div class=\"wp-block-column is-layout-flow wp-block-column-is-layout-flow\">\n<p>07\/16\u201318\/2019, 10am \u2013 1pm<br><br>Summer Workshop for Schoolchildren with Heather Purcell and Tuna Arkun<br><\/p>\n<\/div>\n<\/div>\n<\/div>\n\n\n\n<div class=\"wp-block-column is-layout-flow wp-block-column-is-layout-flow\">\n<div class=\"wp-block-columns is-layout-flex wp-container-core-columns-is-layout-9d6595d7 wp-block-columns-is-layout-flex\">\n<div class=\"wp-block-column is-layout-flow wp-block-column-is-layout-flow\">\n<p>Tuna Arkun, born 1968 in Istanbul, studied painting and drawing at the State Academy of Fine Arts in Karlsruhe and the Academy of Fine Arts in Bratislava (Slovakia). He has been working with children, youths, and adults in art and cultural projects since 2005.<\/p>\n\n\n\n<p>Heather Purcell, born 1986 in Glasgow, studied fine arts there (BA) and is currently doing her masters in Art in Context at the University of Fine Arts Berlin. She works as a freelance art educator and runs workshops in film, theater, and media in museums, schools, and at the MiK Jugendkunstschule in Berlin Mitte. She has also realized numerous projects as a performance artist on the independent art scene.<\/p>\n<\/div>\n\n\n\n<div class=\"wp-block-column is-layout-flow wp-block-column-is-layout-flow\">\n<p>We explore the world of bears and, in the process, create our own book. For over 75 years, bears lived in the B\u00e4renzwinger, a bear pit in which they watched Berlin\u2019s history unfold around them. As they paced back and forth in their small domain, they observed the humans with curiosity. How does the world look to a bear? Lotta the Bear tells us her story and invites us to see Berlin from a bear\u2019s eyes.<br><br>In the three-day workshop, we will create our own topofiction. We begin with a visit to the current exhibition \u201cFictional Nature\u201d and from there discover Lotta\u2019s environment.<\/p>\n\n\n\n<p>Each day begins with a game to warm up our senses before we begin drawing, printing, and researching what we see and can imagine. In the process, we create our own stories and make a picture book out of them. Then we end each day with another game.<\/p>\n<\/div>\n<\/div>\n<\/div>\n<\/div>\n","protected":false},"excerpt":{"rendered":"<p>maximilian arnold &amp; \u00f8rjan einars\u00f8nn d\u00f8sen isabella f\u00fcrnk\u00e4s fabian knecht keto logua sound performance workshop theorie mittwoch TOPO FICTION 07\/16\u201318\/2019, 10am \u2013 1pm Summer Workshop for Schoolchildren with Heather Purcell and Tuna Arkun Tuna Arkun, born 1968 in Istanbul, studied painting and drawing at the State Academy of Fine Arts in Karlsruhe and the Academy [&hellip;]<\/p>\n","protected":false},"author":2,"featured_media":0,"parent":10,"menu_order":112,"comment_status":"closed","ping_status":"closed","template":"","meta":{"_acf_changed":false,"footnotes":""},"categories":[6],"class_list":["post-123","page","type-page","status-publish","hentry","category-ficitional-odyssey"],"acf":[],"_links":{"self":[{"href":"https:\/\/baerenzwinger.berlin\/en\/wp-json\/wp\/v2\/pages\/123","targetHints":{"allow":["GET"]}}],"collection":[{"href":"https:\/\/baerenzwinger.berlin\/en\/wp-json\/wp\/v2\/pages"}],"about":[{"href":"https:\/\/baerenzwinger.berlin\/en\/wp-json\/wp\/v2\/types\/page"}],"author":[{"embeddable":true,"href":"https:\/\/baerenzwinger.berlin\/en\/wp-json\/wp\/v2\/users\/2"}],"replies":[{"embeddable":true,"href":"https:\/\/baerenzwinger.berlin\/en\/wp-json\/wp\/v2\/comments?post=123"}],"version-history":[{"count":11,"href":"https:\/\/baerenzwinger.berlin\/en\/wp-json\/wp\/v2\/pages\/123\/revisions"}],"predecessor-version":[{"id":1825,"href":"https:\/\/baerenzwinger.berlin\/en\/wp-json\/wp\/v2\/pages\/123\/revisions\/1825"}],"up":[{"embeddable":true,"href":"https:\/\/baerenzwinger.berlin\/en\/wp-json\/wp\/v2\/pages\/10"}],"wp:attachment":[{"href":"https:\/\/baerenzwinger.berlin\/en\/wp-json\/wp\/v2\/media?parent=123"}],"wp:term":[{"taxonomy":"category","embeddable":true,"href":"https:\/\/baerenzwinger.berlin\/en\/wp-json\/wp\/v2\/categories?post=123"}],"curies":[{"name":"wp","href":"https:\/\/api.w.org\/{rel}","templated":true}]}}